{"id":999,"date":"2016-11-24T14:59:55","date_gmt":"2016-11-24T14:59:55","guid":{"rendered":"http:\/\/wp2.edge.is\/?page_id=999"},"modified":"2016-11-29T09:15:35","modified_gmt":"2016-11-29T09:15:35","slug":"domar-urskurdir-og-alit","status":"publish","type":"page","link":"https:\/\/heradsskjalasafn.is\/?page_id=999","title":{"rendered":"D\u00f3mar, \u00farskur\u00f0ir og \u00e1lit"},"content":{"rendered":"<p>Skj\u00f6l, a\u00f0gengi a\u00f0 \u00feeim og gildi \u00feeirra, eru jafna\u00f0arlega me\u00f0 \u00fev\u00ed mikilv\u00e6gasta \u00ed m\u00e1lum er sn\u00faast um s\u00f6nnun \u00e1 r\u00e9ttindum og skyldum, t.d. eignar\u00e9ttindum og \u00fdmsu \u00f6\u00f0ru. \u00dev\u00ed eru h\u00e9r tenglar til \u00feeirra stj\u00f3rnvalda er kve\u00f0a upp d\u00f3ma, \u00farskur\u00f0i e\u00f0a veita \u00e1lit sitt \u00e1 \u00fdmsum \u00e1greiningi e\u00f0a \u00e1litam\u00e1lum, \u00fdmist s\u00e9rstaklega takmarka\u00f0 vi\u00f0 skj\u00f6l e\u00f0a almennt.<\/p>\n<p><a href=\"http:\/\/ursk.forsaetisraduneyti.is\/\" target=\"_blank\">\u00darskur\u00f0arnefnd um uppl\u00fdsingam\u00e1l<\/a><\/p>\n<p><a href=\"http:\/\/www.umbodsmaduralthingis.is\/\" target=\"_blank\">Umbo\u00f0sma\u00f0ur Al\u00feingis<\/a><\/p>\n<p><a href=\"http:\/\/domstolar.is\/\" target=\"_blank\">H\u00e9ra\u00f0sd\u00f3mst\u00f3larnir<\/a><\/p>\n<p><a href=\"http:\/\/haestirettur.is\/\" target=\"_blank\">H\u00e6stir\u00e9ttur<\/a><\/p>\n<p><a href=\"http:\/\/www.urskurdir.is\/\" target=\"_blank\">\u00darskur\u00f0ir og \u00e1lit \u2013 vefur fors\u00e6tisr\u00e1\u00f0uneytisins<\/a><\/p>\n","protected":false},"excerpt":{"rendered":"<p>Skj\u00f6l, a\u00f0gengi a\u00f0 \u00feeim og gildi \u00feeirra, eru jafna\u00f0arlega me\u00f0 \u00fev\u00ed mikilv\u00e6gasta \u00ed m\u00e1lum er sn\u00faast um s\u00f6nnun \u00e1 r\u00e9ttindum og skyldum, t.d. eignar\u00e9ttindum og \u00fdmsu \u00f6\u00f0ru. \u00dev\u00ed eru h\u00e9r tenglar til \u00feeirra stj\u00f3rnvalda er kve\u00f0a upp d\u00f3ma, \u00farskur\u00f0i e\u00f0a<\/p>\n","protected":false},"author":2,"featured_media":0,"parent":0,"menu_order":0,"comment_status":"closed","ping_status":"closed","template":"","meta":{"footnotes":""},"class_list":["post-999","page","type-page","status-publish","hentry"],"_links":{"self":[{"href":"https:\/\/heradsskjalasafn.is\/index.php?rest_route=\/wp\/v2\/pages\/999","targetHints":{"allow":["GET"]}}],"collection":[{"href":"https:\/\/heradsskjalasafn.is\/index.php?rest_route=\/wp\/v2\/pages"}],"about":[{"href":"https:\/\/heradsskjalasafn.is\/index.php?rest_route=\/wp\/v2\/types\/page"}],"author":[{"embeddable":true,"href":"https:\/\/heradsskjalasafn.is\/index.php?rest_route=\/wp\/v2\/users\/2"}],"replies":[{"embeddable":true,"href":"https:\/\/heradsskjalasafn.is\/index.php?rest_route=%2Fwp%2Fv2%2Fcomments&post=999"}],"version-history":[{"count":2,"href":"https:\/\/heradsskjalasafn.is\/index.php?rest_route=\/wp\/v2\/pages\/999\/revisions"}],"predecessor-version":[{"id":1107,"href":"https:\/\/heradsskjalasafn.is\/index.php?rest_route=\/wp\/v2\/pages\/999\/revisions\/1107"}],"wp:attachment":[{"href":"https:\/\/heradsskjalasafn.is\/index.php?rest_route=%2Fwp%2Fv2%2Fmedia&parent=999"}],"curies":[{"name":"wp","href":"https:\/\/api.w.org\/{rel}","templated":true}]}}