{"id":962,"date":"2016-11-23T14:43:10","date_gmt":"2016-11-23T14:43:10","guid":{"rendered":"http:\/\/wp2.edge.is\/?page_id=962"},"modified":"2016-12-13T21:08:02","modified_gmt":"2016-12-13T21:08:02","slug":"stolin-skjol-og-baekur","status":"publish","type":"page","link":"https:\/\/heradsskjalasafn.is\/?page_id=962","title":{"rendered":"Stolin skj\u00f6l og b\u00e6kur"},"content":{"rendered":"<p>\u00deegar \u00ed \u00f3efni er komi\u00f0 \u00feannig a\u00f0 r\u00e6ningjar hafa l\u00e1ti\u00f0 greipar s\u00f3pa \u00ed skjalas\u00f6fnum og b\u00f3kas\u00f6fnum \u00e1n \u00feess a\u00f0 upp um \u00fe\u00e1 hafi komist er reynt a\u00f0 koma \u00e1 framf\u00e6ri hvers sakna\u00f0 er me\u00f0 \u00fev\u00ed a\u00f0 birta opinberlega l\u00fdsingu \u00e1 \u00fev\u00ed. Me\u00f0 \u00fev\u00ed er reynt a\u00f0 koma \u00ed veg fyrir a\u00f0 \u00fe\u00fdfi\u00f0 ver\u00f0i a\u00f0 verslunarv\u00f6ru og stu\u00f0la\u00f0 a\u00f0 endurheimt \u00feess.<\/p>\n<p><a href=\"http:\/\/www.stolen-book.org\/\" target=\"_blank\">Listi al\u00fej\u00f3\u00f0asamtaka fornb\u00f3ksala yfir stolnar b\u00e6kur<\/a><\/p>\n<p><a href=\"http:\/\/www.archives.gov\/research\/recover\/\" target=\"_blank\">Endurheimtarvefur \u00dej\u00f3\u00f0skjalasafns Bandar\u00edkjanna<\/a><\/p>\n<p><a href=\"http:\/\/ec.europa.eu\/archival-policy\/eur_arch_group\/prevent_en.htm\" target=\"_blank\">Evr\u00f3pski skjalav\u00f6rsluh\u00f3purinn \u2013 r\u00e1\u00f0stafanir gegn \u00fej\u00f3fna\u00f0i \u00far skjalas\u00f6fnum<\/a><\/p>\n<p><a href=\"http:\/\/traffickingculture.org\/news\/sccjr-working-lunches\/\" target=\"_blank\">Menningar\u00fe\u00fdfisvi\u00f0skipti (Trafficking Culture) Verkefni \u00e1 vegum Scottish Center for Crime and Justice Research<\/a><\/p>\n","protected":false},"excerpt":{"rendered":"<p>\u00deegar \u00ed \u00f3efni er komi\u00f0 \u00feannig a\u00f0 r\u00e6ningjar hafa l\u00e1ti\u00f0 greipar s\u00f3pa \u00ed skjalas\u00f6fnum og b\u00f3kas\u00f6fnum \u00e1n \u00feess a\u00f0 upp um \u00fe\u00e1 hafi komist er reynt a\u00f0 koma \u00e1 framf\u00e6ri hvers sakna\u00f0 er me\u00f0 \u00fev\u00ed a\u00f0 birta opinberlega l\u00fdsingu \u00e1<\/p>\n","protected":false},"author":2,"featured_media":0,"parent":0,"menu_order":0,"comment_status":"closed","ping_status":"closed","template":"","meta":{"footnotes":""},"class_list":["post-962","page","type-page","status-publish","hentry"],"_links":{"self":[{"href":"https:\/\/heradsskjalasafn.is\/index.php?rest_route=\/wp\/v2\/pages\/962","targetHints":{"allow":["GET"]}}],"collection":[{"href":"https:\/\/heradsskjalasafn.is\/index.php?rest_route=\/wp\/v2\/pages"}],"about":[{"href":"https:\/\/heradsskjalasafn.is\/index.php?rest_route=\/wp\/v2\/types\/page"}],"author":[{"embeddable":true,"href":"https:\/\/heradsskjalasafn.is\/index.php?rest_route=\/wp\/v2\/users\/2"}],"replies":[{"embeddable":true,"href":"https:\/\/heradsskjalasafn.is\/index.php?rest_route=%2Fwp%2Fv2%2Fcomments&post=962"}],"version-history":[{"count":6,"href":"https:\/\/heradsskjalasafn.is\/index.php?rest_route=\/wp\/v2\/pages\/962\/revisions"}],"predecessor-version":[{"id":1302,"href":"https:\/\/heradsskjalasafn.is\/index.php?rest_route=\/wp\/v2\/pages\/962\/revisions\/1302"}],"wp:attachment":[{"href":"https:\/\/heradsskjalasafn.is\/index.php?rest_route=%2Fwp%2Fv2%2Fmedia&parent=962"}],"curies":[{"name":"wp","href":"https:\/\/api.w.org\/{rel}","templated":true}]}}