{"id":75,"date":"2016-11-01T15:28:26","date_gmt":"2016-11-01T15:28:26","guid":{"rendered":"http:\/\/wp2.edge.is\/?page_id=75"},"modified":"2016-12-13T18:15:34","modified_gmt":"2016-12-13T18:15:34","slug":"ataksverkefni-um-skjol-ithrottafelaga","status":"publish","type":"page","link":"https:\/\/heradsskjalasafn.is\/?page_id=75","title":{"rendered":"\u00c1taksverkefni um skj\u00f6l \u00ed\u00fer\u00f3ttaf\u00e9laga"},"content":{"rendered":"<header>\n<h1><\/h1>\n<\/header>\n<div>\n<h3>Sk\u00fdrsla um skj\u00f6l \u00ed\u00fer\u00f3ttaf\u00e9laga<\/h3>\n<p>\u00c1 \u00ed\u00fer\u00f3tta\u00feingi 20. apr\u00edl 2013 voru ni\u00f0urst\u00f6\u00f0ur af \u00e1taksverkefni F\u00e9lags h\u00e9ra\u00f0sskjalavar\u00f0a og \u00cd\u00fer\u00f3tta- og \u00d3lymp\u00edusambands \u00cdslands kynntar og \u00fatg\u00e1fa \u00e1 sk\u00fdrslu um skj\u00f6l \u00ed\u00fer\u00f3ttaf\u00e9laga \u00e1 h\u00e9ra\u00f0sskjalas\u00f6fum \u00e1 \u00cdslandi var gefin \u00fat. \u00c1taki\u00f0 h\u00f3fst 18. apr\u00edl 2012 \u00ed tilefni af 100 \u00e1ra afm\u00e6li \u00cd\u00fer\u00f3tta- og \u00d3lymp\u00edusambands \u00cdslands me\u00f0 bla\u00f0amannafundi \u00ed h\u00fasn\u00e6\u00f0i Borgarskjalasafns Reykjav\u00edkur. Meginmarkmi\u00f0 \u00e1taksins var a\u00f0 safna og skr\u00e1 skj\u00f6l \u00ed\u00fer\u00f3ttaf\u00e9laga s.s. fundarger\u00f0ir,sendibr\u00e9f, f\u00e9lagaskr\u00e1r, b\u00f3khald og lj\u00f3smyndir svo d\u00e6mi s\u00e9u tekin. \u00de\u00f3 \u00e1takinu s\u00e9 formlega loki\u00f0, markar sk\u00fdrslan vonandi fremur upphaf a\u00f0 g\u00f3\u00f0u sambandi og samvinnu \u00ed\u00fer\u00f3ttaf\u00e9laga og h\u00e9ra\u00f0sskjalasafna \u00fear sem f\u00e9l\u00f6gin er me\u00f0vitu\u00f0 um mikilv\u00e6gi \u00feess a\u00f0 var\u00f0veita skj\u00f6l s\u00edn og h\u00e9ra\u00f0sskjalas\u00f6fnin rei\u00f0ub\u00fain til a\u00f0 a\u00f0sto\u00f0a vi\u00f0 skr\u00e1ningu skjalanna.<\/p>\n<p>G\u00f3\u00f0ur \u00e1rangur hefur or\u00f0i\u00f0 af \u00e1takinu en milli 150 og 200 hillumetrar af skj\u00f6lum \u00ed\u00fer\u00f3ttaf\u00e9laga eru n\u00fa \u00ed v\u00f6rslu h\u00e9ra\u00f0sskjalasafnanna en \u00feetta eru skj\u00f6l meira um 300 \u00ed\u00fer\u00f3ttaf\u00e9laga. Sk\u00fdrslu um\u00a0<a href=\"http:\/\/heradsskjalasafn.is\/wp-content\/uploads\/2016\/12\/Skj\u00f6l-\u00ed\u00fer\u00f3ttaf\u00e9laga-\u00ed-H\u00e9ra\u00f0sskjalas\u00f6fnum-\u00e1-\u00cdslandi.pdf\" target=\"_blank\">Skj\u00f6l \u00ed\u00fer\u00f3ttaf\u00e9laga \u00ed H\u00e9ra\u00f0sskjalas\u00f6fnum \u00e1 \u00cdslandi<\/a>\u00a0m\u00e1 finna h\u00e9r.<\/p>\n<p>\u00c1fram ver\u00f0ur unni\u00f0 a\u00f0 s\u00f6fnun \u00e1 skj\u00f6lum \u00ed\u00fer\u00f3ttaf\u00e9laga og eins og fram kemur \u00ed form\u00e1la sk\u00fdrslunnar skilu\u00f0u nokkur s\u00f6fn ekki inn uppl\u00fdsingum um skj\u00f6l \u00ed\u00fer\u00f3ttaf\u00e9laga \u00e1 s\u00ednu starfssv\u00e6\u00f0i. Sk\u00fdrslan ver\u00f0ur \u00fev\u00ed endur\u00fatgefin me\u00f0 vi\u00f0b\u00f3tum s\u00ed\u00f0ar.<\/p>\n<\/div>\n","protected":false},"excerpt":{"rendered":"<p>Sk\u00fdrsla um skj\u00f6l \u00ed\u00fer\u00f3ttaf\u00e9laga \u00c1 \u00ed\u00fer\u00f3tta\u00feingi 20. apr\u00edl 2013 voru ni\u00f0urst\u00f6\u00f0ur af \u00e1taksverkefni F\u00e9lags h\u00e9ra\u00f0sskjalavar\u00f0a og \u00cd\u00fer\u00f3tta- og \u00d3lymp\u00edusambands \u00cdslands kynntar og \u00fatg\u00e1fa \u00e1 sk\u00fdrslu um skj\u00f6l \u00ed\u00fer\u00f3ttaf\u00e9laga \u00e1 h\u00e9ra\u00f0sskjalas\u00f6fum \u00e1 \u00cdslandi var gefin \u00fat. \u00c1taki\u00f0 h\u00f3fst 18. apr\u00edl 2012<\/p>\n","protected":false},"author":2,"featured_media":0,"parent":0,"menu_order":0,"comment_status":"closed","ping_status":"closed","template":"","meta":{"footnotes":""},"class_list":["post-75","page","type-page","status-publish","hentry"],"_links":{"self":[{"href":"https:\/\/heradsskjalasafn.is\/index.php?rest_route=\/wp\/v2\/pages\/75","targetHints":{"allow":["GET"]}}],"collection":[{"href":"https:\/\/heradsskjalasafn.is\/index.php?rest_route=\/wp\/v2\/pages"}],"about":[{"href":"https:\/\/heradsskjalasafn.is\/index.php?rest_route=\/wp\/v2\/types\/page"}],"author":[{"embeddable":true,"href":"https:\/\/heradsskjalasafn.is\/index.php?rest_route=\/wp\/v2\/users\/2"}],"replies":[{"embeddable":true,"href":"https:\/\/heradsskjalasafn.is\/index.php?rest_route=%2Fwp%2Fv2%2Fcomments&post=75"}],"version-history":[{"count":4,"href":"https:\/\/heradsskjalasafn.is\/index.php?rest_route=\/wp\/v2\/pages\/75\/revisions"}],"predecessor-version":[{"id":1283,"href":"https:\/\/heradsskjalasafn.is\/index.php?rest_route=\/wp\/v2\/pages\/75\/revisions\/1283"}],"wp:attachment":[{"href":"https:\/\/heradsskjalasafn.is\/index.php?rest_route=%2Fwp%2Fv2%2Fmedia&parent=75"}],"curies":[{"name":"wp","href":"https:\/\/api.w.org\/{rel}","templated":true}]}}